{"id":6,"date":"2018-12-17T13:06:21","date_gmt":"2018-12-17T13:06:21","guid":{"rendered":"https:\/\/web.htk.tlu.ee\/digitaru\/kyberkaitse\/2018\/12\/17\/appendix\/"},"modified":"2019-10-30T10:31:17","modified_gmt":"2019-10-30T10:31:17","slug":"appendix","status":"publish","type":"back-matter","link":"https:\/\/web.htk.tlu.ee\/digitaru\/kyberkaitse\/back-matter\/appendix\/","title":{"raw":"Autorid ja toetajad","rendered":"Autorid ja toetajad"},"content":{"raw":"<strong><img class=\"alignnone size-medium wp-image-887\" src=\"https:\/\/web.htk.tlu.ee\/digitaru\/kyberkaitse\/wp-content\/uploads\/sites\/13\/2019\/10\/el_sotsiaalfond_horisontaalne-300x158.jpg\" alt=\"\" width=\"300\" height=\"158\" \/><\/strong>\r\n\r\n<strong>\u00d5piku valmimist on toetanud:<\/strong>\r\n\r\nHaridus- ja Teadusministeerium\r\n\r\n<strong>K\u00fcberkaitse ainekava materjali g\u00fcmnaasiumile on loonud koost\u00f6\u00f6projektis Eesti NATO \u00dching, TalTech, Eesti Informaatika\u00f5petajate Selts ja Kehtna Kutsehariduskeskus.<\/strong>\r\n\r\n&nbsp;\r\n\r\n<img class=\"wp-image-790 aligncenter\" src=\"https:\/\/web.htk.tlu.ee\/digitaru\/kyberkaitse\/wp-content\/uploads\/sites\/13\/2018\/12\/HTM2-300x120.png\" alt=\"\" width=\"355\" height=\"142\" \/>\r\n\r\n<img class=\"alignnone wp-image-788\" src=\"https:\/\/web.htk.tlu.ee\/digitaru\/kyberkaitse\/wp-content\/uploads\/sites\/13\/2018\/12\/TalTech_Gradient-300x237.png\" alt=\"\" width=\"272\" height=\"215\" \/>\u00a0 \u00a0 \u00a0 \u00a0 \u00a0 \u00a0 <img class=\"alignnone wp-image-791\" src=\"https:\/\/web.htk.tlu.ee\/digitaru\/kyberkaitse\/wp-content\/uploads\/sites\/13\/2018\/12\/EATA_vector-1-v\u00e4rviline_EATA-logo_1-v\u00e4rviline-sinine-300x300.png\" alt=\"\" width=\"226\" height=\"226\" \/>\r\n\r\n<img class=\"alignnone wp-image-795\" src=\"https:\/\/web.htk.tlu.ee\/digitaru\/kyberkaitse\/wp-content\/uploads\/sites\/13\/2018\/12\/ei\u00f5ps-300x70.png\" alt=\"\" width=\"347\" height=\"81\" \/> \u00a0\u00a0\u00a0\u00a0\u00a0\u00a0\u00a0\u00a0 <img class=\"alignnone wp-image-796\" style=\"font-size: 1em\" src=\"https:\/\/web.htk.tlu.ee\/digitaru\/kyberkaitse\/wp-content\/uploads\/sites\/13\/2018\/12\/kehtna-300x84.png\" alt=\"\" width=\"343\" height=\"96\" \/>\r\n\r\n&nbsp;\r\n\r\n&nbsp;\r\n\r\n<strong>Peatoimetaja:\u00a0<\/strong>Birgy Lorenz, TalTech\r\n\r\n<strong>Projektijuht:<\/strong> Krista Mulenok, Eesti NATO \u00dching\r\n\r\n<strong>Autorid:<\/strong>\r\n<ul>\r\n \t<li>Tiia S\u00f5mer, TalTech<\/li>\r\n \t<li>Birgy Lorenz, TalTech<\/li>\r\n \t<li>Sten M\u00e4ses, TalTech<\/li>\r\n \t<li>Triin Muulmann, Kehtna KHK<\/li>\r\n<\/ul>\r\n<b>Oma abik\u00e4e on ka ulatanud:\u00a0<\/b>\r\n<ul>\r\n \t<li>Kaido Kikkas, TalTech<\/li>\r\n \t<li>Anto Veldre<\/li>\r\n<\/ul>\r\n<strong>Keeletoimetaja:<\/strong> Inga Jasmine Isabel Adamson\r\n\r\n<strong>Originaalvideod:<\/strong>\r\n<ul>\r\n \t<li>Triin Muulmann, Kehtna KHK<\/li>\r\n \t<li>Mirell Merirand, Pelgulinna G\u00fcmnaasium<\/li>\r\n \t<li>Krista Mulenok, Eesti NATO \u00dching<\/li>\r\n \t<li>Peeter Marvet, Zone Media<\/li>\r\n \t<li>Arpad Joosep K\u00e4\u00e4ramees, Nutklaas O\u00dc<\/li>\r\n<\/ul>\r\n<strong>Materjali on \u00fcle vaadanud eksperdid:<\/strong>\r\n<ul>\r\n \t<li>T\u00f5nu Soop, informaatika\u00f5petaja\/IT juht, Hiiumaa G\u00fcmnaasium<\/li>\r\n \t<li>Andrus Padar, Kaitseliidu k\u00fcberkaitse\u00fcksuse pealik<\/li>\r\n<\/ul>\r\n<strong>Materjali on pilootinud:<\/strong>\r\n<ul>\r\n \t<li>Koidula G\u00fcmnaasium<\/li>\r\n \t<li>Pelgulinna G\u00fcmnaasium<\/li>\r\n \t<li>P\u00f5ltsamaa \u00dchisg\u00fcmnaasium<\/li>\r\n \t<li>Rapla G\u00fcmnaasium<\/li>\r\n \t<li>Tallinna Reaalkool<\/li>\r\n \t<li>Rocca al Mare Kool<\/li>\r\n \t<li>Tallinna Saksa G\u00fcmnaasium<\/li>\r\n \t<li>Tallinna \u00dchisg\u00fcmnaasium<\/li>\r\n \t<li>Tartu Jaan Poska G\u00fcmnaasium<\/li>\r\n<\/ul>\r\n<strong>Materjali hostimist toetavad:<\/strong>\r\n<ul>\r\n \t<li>Tallinna \u00dclikooli Haridustehnoloogia keskus<\/li>\r\n \t<li>Zone Media<\/li>\r\n \t<li>Hariduse Infotehnoloogia Sihtasutus<\/li>\r\n<\/ul>\r\n&nbsp;\r\n\r\n&nbsp;\r\n\r\n&nbsp;","rendered":"<p><strong><img loading=\"lazy\" decoding=\"async\" class=\"alignnone size-medium wp-image-887\" src=\"https:\/\/web.htk.tlu.ee\/digitaru\/kyberkaitse\/wp-content\/uploads\/sites\/13\/2019\/10\/el_sotsiaalfond_horisontaalne-300x158.jpg\" alt=\"\" width=\"300\" height=\"158\" srcset=\"https:\/\/web.htk.tlu.ee\/digitaru\/kyberkaitse\/wp-content\/uploads\/sites\/13\/2019\/10\/el_sotsiaalfond_horisontaalne-300x158.jpg 300w, https:\/\/web.htk.tlu.ee\/digitaru\/kyberkaitse\/wp-content\/uploads\/sites\/13\/2019\/10\/el_sotsiaalfond_horisontaalne-768x406.jpg 768w, https:\/\/web.htk.tlu.ee\/digitaru\/kyberkaitse\/wp-content\/uploads\/sites\/13\/2019\/10\/el_sotsiaalfond_horisontaalne-1024x541.jpg 1024w, https:\/\/web.htk.tlu.ee\/digitaru\/kyberkaitse\/wp-content\/uploads\/sites\/13\/2019\/10\/el_sotsiaalfond_horisontaalne-65x34.jpg 65w, https:\/\/web.htk.tlu.ee\/digitaru\/kyberkaitse\/wp-content\/uploads\/sites\/13\/2019\/10\/el_sotsiaalfond_horisontaalne-225x119.jpg 225w, https:\/\/web.htk.tlu.ee\/digitaru\/kyberkaitse\/wp-content\/uploads\/sites\/13\/2019\/10\/el_sotsiaalfond_horisontaalne-350x185.jpg 350w\" sizes=\"auto, (max-width: 300px) 100vw, 300px\" \/><\/strong><\/p>\n<p><strong>\u00d5piku valmimist on toetanud:<\/strong><\/p>\n<p>Haridus- ja Teadusministeerium<\/p>\n<p><strong>K\u00fcberkaitse ainekava materjali g\u00fcmnaasiumile on loonud koost\u00f6\u00f6projektis Eesti NATO \u00dching, TalTech, Eesti Informaatika\u00f5petajate Selts ja Kehtna Kutsehariduskeskus.<\/strong><\/p>\n<p>&nbsp;<\/p>\n<p><img loading=\"lazy\" decoding=\"async\" class=\"wp-image-790 aligncenter\" src=\"https:\/\/web.htk.tlu.ee\/digitaru\/kyberkaitse\/wp-content\/uploads\/sites\/13\/2018\/12\/HTM2-300x120.png\" alt=\"\" width=\"355\" height=\"142\" srcset=\"https:\/\/web.htk.tlu.ee\/digitaru\/kyberkaitse\/wp-content\/uploads\/sites\/13\/2018\/12\/HTM2-300x120.png 300w, https:\/\/web.htk.tlu.ee\/digitaru\/kyberkaitse\/wp-content\/uploads\/sites\/13\/2018\/12\/HTM2-768x307.png 768w, https:\/\/web.htk.tlu.ee\/digitaru\/kyberkaitse\/wp-content\/uploads\/sites\/13\/2018\/12\/HTM2-1024x410.png 1024w, https:\/\/web.htk.tlu.ee\/digitaru\/kyberkaitse\/wp-content\/uploads\/sites\/13\/2018\/12\/HTM2-65x26.png 65w, https:\/\/web.htk.tlu.ee\/digitaru\/kyberkaitse\/wp-content\/uploads\/sites\/13\/2018\/12\/HTM2-225x90.png 225w, https:\/\/web.htk.tlu.ee\/digitaru\/kyberkaitse\/wp-content\/uploads\/sites\/13\/2018\/12\/HTM2-350x140.png 350w, https:\/\/web.htk.tlu.ee\/digitaru\/kyberkaitse\/wp-content\/uploads\/sites\/13\/2018\/12\/HTM2.png 1890w\" sizes=\"auto, (max-width: 355px) 100vw, 355px\" \/><\/p>\n<p><img loading=\"lazy\" decoding=\"async\" class=\"alignnone wp-image-788\" src=\"https:\/\/web.htk.tlu.ee\/digitaru\/kyberkaitse\/wp-content\/uploads\/sites\/13\/2018\/12\/TalTech_Gradient-300x237.png\" alt=\"\" width=\"272\" height=\"215\" srcset=\"https:\/\/web.htk.tlu.ee\/digitaru\/kyberkaitse\/wp-content\/uploads\/sites\/13\/2018\/12\/TalTech_Gradient-300x237.png 300w, https:\/\/web.htk.tlu.ee\/digitaru\/kyberkaitse\/wp-content\/uploads\/sites\/13\/2018\/12\/TalTech_Gradient-768x607.png 768w, https:\/\/web.htk.tlu.ee\/digitaru\/kyberkaitse\/wp-content\/uploads\/sites\/13\/2018\/12\/TalTech_Gradient-65x51.png 65w, https:\/\/web.htk.tlu.ee\/digitaru\/kyberkaitse\/wp-content\/uploads\/sites\/13\/2018\/12\/TalTech_Gradient-225x178.png 225w, https:\/\/web.htk.tlu.ee\/digitaru\/kyberkaitse\/wp-content\/uploads\/sites\/13\/2018\/12\/TalTech_Gradient-350x277.png 350w, https:\/\/web.htk.tlu.ee\/digitaru\/kyberkaitse\/wp-content\/uploads\/sites\/13\/2018\/12\/TalTech_Gradient.png 945w\" sizes=\"auto, (max-width: 272px) 100vw, 272px\" \/>\u00a0 \u00a0 \u00a0 \u00a0 \u00a0 \u00a0 <img loading=\"lazy\" decoding=\"async\" class=\"alignnone wp-image-791\" src=\"https:\/\/web.htk.tlu.ee\/digitaru\/kyberkaitse\/wp-content\/uploads\/sites\/13\/2018\/12\/EATA_vector-1-v\u00e4rviline_EATA-logo_1-v\u00e4rviline-sinine-300x300.png\" alt=\"\" width=\"226\" height=\"226\" srcset=\"https:\/\/web.htk.tlu.ee\/digitaru\/kyberkaitse\/wp-content\/uploads\/sites\/13\/2018\/12\/EATA_vector-1-v\u00e4rviline_EATA-logo_1-v\u00e4rviline-sinine-300x300.png 300w, https:\/\/web.htk.tlu.ee\/digitaru\/kyberkaitse\/wp-content\/uploads\/sites\/13\/2018\/12\/EATA_vector-1-v\u00e4rviline_EATA-logo_1-v\u00e4rviline-sinine-150x150.png 150w, https:\/\/web.htk.tlu.ee\/digitaru\/kyberkaitse\/wp-content\/uploads\/sites\/13\/2018\/12\/EATA_vector-1-v\u00e4rviline_EATA-logo_1-v\u00e4rviline-sinine-768x768.png 768w, https:\/\/web.htk.tlu.ee\/digitaru\/kyberkaitse\/wp-content\/uploads\/sites\/13\/2018\/12\/EATA_vector-1-v\u00e4rviline_EATA-logo_1-v\u00e4rviline-sinine-1024x1024.png 1024w, https:\/\/web.htk.tlu.ee\/digitaru\/kyberkaitse\/wp-content\/uploads\/sites\/13\/2018\/12\/EATA_vector-1-v\u00e4rviline_EATA-logo_1-v\u00e4rviline-sinine-65x65.png 65w, https:\/\/web.htk.tlu.ee\/digitaru\/kyberkaitse\/wp-content\/uploads\/sites\/13\/2018\/12\/EATA_vector-1-v\u00e4rviline_EATA-logo_1-v\u00e4rviline-sinine-225x225.png 225w, https:\/\/web.htk.tlu.ee\/digitaru\/kyberkaitse\/wp-content\/uploads\/sites\/13\/2018\/12\/EATA_vector-1-v\u00e4rviline_EATA-logo_1-v\u00e4rviline-sinine-350x350.png 350w, https:\/\/web.htk.tlu.ee\/digitaru\/kyberkaitse\/wp-content\/uploads\/sites\/13\/2018\/12\/EATA_vector-1-v\u00e4rviline_EATA-logo_1-v\u00e4rviline-sinine.png 1179w\" sizes=\"auto, (max-width: 226px) 100vw, 226px\" \/><\/p>\n<p><img loading=\"lazy\" decoding=\"async\" class=\"alignnone wp-image-795\" src=\"https:\/\/web.htk.tlu.ee\/digitaru\/kyberkaitse\/wp-content\/uploads\/sites\/13\/2018\/12\/ei\u00f5ps-300x70.png\" alt=\"\" width=\"347\" height=\"81\" srcset=\"https:\/\/web.htk.tlu.ee\/digitaru\/kyberkaitse\/wp-content\/uploads\/sites\/13\/2018\/12\/ei\u00f5ps-300x70.png 300w, https:\/\/web.htk.tlu.ee\/digitaru\/kyberkaitse\/wp-content\/uploads\/sites\/13\/2018\/12\/ei\u00f5ps-768x178.png 768w, https:\/\/web.htk.tlu.ee\/digitaru\/kyberkaitse\/wp-content\/uploads\/sites\/13\/2018\/12\/ei\u00f5ps-1024x238.png 1024w, https:\/\/web.htk.tlu.ee\/digitaru\/kyberkaitse\/wp-content\/uploads\/sites\/13\/2018\/12\/ei\u00f5ps-65x15.png 65w, https:\/\/web.htk.tlu.ee\/digitaru\/kyberkaitse\/wp-content\/uploads\/sites\/13\/2018\/12\/ei\u00f5ps-225x52.png 225w, https:\/\/web.htk.tlu.ee\/digitaru\/kyberkaitse\/wp-content\/uploads\/sites\/13\/2018\/12\/ei\u00f5ps-350x81.png 350w, https:\/\/web.htk.tlu.ee\/digitaru\/kyberkaitse\/wp-content\/uploads\/sites\/13\/2018\/12\/ei\u00f5ps.png 1175w\" sizes=\"auto, (max-width: 347px) 100vw, 347px\" \/> \u00a0\u00a0\u00a0\u00a0\u00a0\u00a0\u00a0\u00a0 <img loading=\"lazy\" decoding=\"async\" class=\"alignnone wp-image-796\" style=\"font-size: 1em\" src=\"https:\/\/web.htk.tlu.ee\/digitaru\/kyberkaitse\/wp-content\/uploads\/sites\/13\/2018\/12\/kehtna-300x84.png\" alt=\"\" width=\"343\" height=\"96\" srcset=\"https:\/\/web.htk.tlu.ee\/digitaru\/kyberkaitse\/wp-content\/uploads\/sites\/13\/2018\/12\/kehtna-300x84.png 300w, https:\/\/web.htk.tlu.ee\/digitaru\/kyberkaitse\/wp-content\/uploads\/sites\/13\/2018\/12\/kehtna-65x18.png 65w, https:\/\/web.htk.tlu.ee\/digitaru\/kyberkaitse\/wp-content\/uploads\/sites\/13\/2018\/12\/kehtna-225x63.png 225w, https:\/\/web.htk.tlu.ee\/digitaru\/kyberkaitse\/wp-content\/uploads\/sites\/13\/2018\/12\/kehtna-350x98.png 350w, https:\/\/web.htk.tlu.ee\/digitaru\/kyberkaitse\/wp-content\/uploads\/sites\/13\/2018\/12\/kehtna.png 534w\" sizes=\"auto, (max-width: 343px) 100vw, 343px\" \/><\/p>\n<p>&nbsp;<\/p>\n<p>&nbsp;<\/p>\n<p><strong>Peatoimetaja:\u00a0<\/strong>Birgy Lorenz, TalTech<\/p>\n<p><strong>Projektijuht:<\/strong> Krista Mulenok, Eesti NATO \u00dching<\/p>\n<p><strong>Autorid:<\/strong><\/p>\n<ul>\n<li>Tiia S\u00f5mer, TalTech<\/li>\n<li>Birgy Lorenz, TalTech<\/li>\n<li>Sten M\u00e4ses, TalTech<\/li>\n<li>Triin Muulmann, Kehtna KHK<\/li>\n<\/ul>\n<p><b>Oma abik\u00e4e on ka ulatanud:\u00a0<\/b><\/p>\n<ul>\n<li>Kaido Kikkas, TalTech<\/li>\n<li>Anto Veldre<\/li>\n<\/ul>\n<p><strong>Keeletoimetaja:<\/strong> Inga Jasmine Isabel Adamson<\/p>\n<p><strong>Originaalvideod:<\/strong><\/p>\n<ul>\n<li>Triin Muulmann, Kehtna KHK<\/li>\n<li>Mirell Merirand, Pelgulinna G\u00fcmnaasium<\/li>\n<li>Krista Mulenok, Eesti NATO \u00dching<\/li>\n<li>Peeter Marvet, Zone Media<\/li>\n<li>Arpad Joosep K\u00e4\u00e4ramees, Nutklaas O\u00dc<\/li>\n<\/ul>\n<p><strong>Materjali on \u00fcle vaadanud eksperdid:<\/strong><\/p>\n<ul>\n<li>T\u00f5nu Soop, informaatika\u00f5petaja\/IT juht, Hiiumaa G\u00fcmnaasium<\/li>\n<li>Andrus Padar, Kaitseliidu k\u00fcberkaitse\u00fcksuse pealik<\/li>\n<\/ul>\n<p><strong>Materjali on pilootinud:<\/strong><\/p>\n<ul>\n<li>Koidula G\u00fcmnaasium<\/li>\n<li>Pelgulinna G\u00fcmnaasium<\/li>\n<li>P\u00f5ltsamaa \u00dchisg\u00fcmnaasium<\/li>\n<li>Rapla G\u00fcmnaasium<\/li>\n<li>Tallinna Reaalkool<\/li>\n<li>Rocca al Mare Kool<\/li>\n<li>Tallinna Saksa G\u00fcmnaasium<\/li>\n<li>Tallinna \u00dchisg\u00fcmnaasium<\/li>\n<li>Tartu Jaan Poska G\u00fcmnaasium<\/li>\n<\/ul>\n<p><strong>Materjali hostimist toetavad:<\/strong><\/p>\n<ul>\n<li>Tallinna \u00dclikooli Haridustehnoloogia keskus<\/li>\n<li>Zone Media<\/li>\n<li>Hariduse Infotehnoloogia Sihtasutus<\/li>\n<\/ul>\n<p>&nbsp;<\/p>\n<p>&nbsp;<\/p>\n<p>&nbsp;<\/p>\n","protected":false},"author":3,"menu_order":1,"template":"","meta":{"pb_show_title":"","pb_short_title":"","pb_subtitle":"","pb_authors":[],"pb_section_license":""},"back-matter-type":[27],"contributor":[],"license":[],"class_list":["post-6","back-matter","type-back-matter","status-publish","hentry","back-matter-type-appendix"],"_links":{"self":[{"href":"https:\/\/web.htk.tlu.ee\/digitaru\/kyberkaitse\/wp-json\/pressbooks\/v2\/back-matter\/6","targetHints":{"allow":["GET"]}}],"collection":[{"href":"https:\/\/web.htk.tlu.ee\/digitaru\/kyberkaitse\/wp-json\/pressbooks\/v2\/back-matter"}],"about":[{"href":"https:\/\/web.htk.tlu.ee\/digitaru\/kyberkaitse\/wp-json\/wp\/v2\/types\/back-matter"}],"author":[{"embeddable":true,"href":"https:\/\/web.htk.tlu.ee\/digitaru\/kyberkaitse\/wp-json\/wp\/v2\/users\/3"}],"version-history":[{"count":25,"href":"https:\/\/web.htk.tlu.ee\/digitaru\/kyberkaitse\/wp-json\/pressbooks\/v2\/back-matter\/6\/revisions"}],"predecessor-version":[{"id":934,"href":"https:\/\/web.htk.tlu.ee\/digitaru\/kyberkaitse\/wp-json\/pressbooks\/v2\/back-matter\/6\/revisions\/934"}],"metadata":[{"href":"https:\/\/web.htk.tlu.ee\/digitaru\/kyberkaitse\/wp-json\/pressbooks\/v2\/back-matter\/6\/metadata\/"}],"wp:attachment":[{"href":"https:\/\/web.htk.tlu.ee\/digitaru\/kyberkaitse\/wp-json\/wp\/v2\/media?parent=6"}],"wp:term":[{"taxonomy":"back-matter-type","embeddable":true,"href":"https:\/\/web.htk.tlu.ee\/digitaru\/kyberkaitse\/wp-json\/pressbooks\/v2\/back-matter-type?post=6"},{"taxonomy":"contributor","embeddable":true,"href":"https:\/\/web.htk.tlu.ee\/digitaru\/kyberkaitse\/wp-json\/wp\/v2\/contributor?post=6"},{"taxonomy":"license","embeddable":true,"href":"https:\/\/web.htk.tlu.ee\/digitaru\/kyberkaitse\/wp-json\/wp\/v2\/license?post=6"}],"curies":[{"name":"wp","href":"https:\/\/api.w.org\/{rel}","templated":true}]}}